{"id":3237,"date":"2023-07-10T07:33:20","date_gmt":"2023-07-10T07:33:20","guid":{"rendered":"https:\/\/www.glas-salge.de\/?page_id=3237"},"modified":"2025-04-10T15:20:37","modified_gmt":"2025-04-10T13:20:37","slug":"glasarbeitsplatten-ablagen","status":"publish","type":"page","link":"https:\/\/www.glas-salge.de\/en\/interior\/glasarbeitsplatten-ablagen\/","title":{"rendered":"Glasarbeitsplatten + Ablagen"},"content":{"rendered":"<div data-elementor-type=\"wp-page\" data-elementor-id=\"3237\" class=\"elementor elementor-3237\" data-elementor-post-type=\"page\">\n\t\t\t\t\t\t<section class=\"elementor-section elementor-top-section elementor-element elementor-element-5e79cc4 elementor-section-content-middle elementor-section-boxed elementor-section-height-default elementor-section-height-default\" data-id=\"5e79cc4\" data-element_type=\"section\" data-settings=\"{&quot;background_background&quot;:&quot;classic&quot;,&quot;jet_parallax_layout_list&quot;:[]}\">\n\t\t\t\t\t\t\t<div class=\"elementor-background-overlay\"><\/div>\n\t\t\t\t\t\t\t<div class=\"elementor-container elementor-column-gap-default\">\n\t\t\t\t\t<div class=\"elementor-column elementor-col-50 elementor-top-column elementor-element elementor-element-0fdf5f7\" data-id=\"0fdf5f7\" data-element_type=\"column\">\n\t\t\t<div class=\"elementor-widget-wrap elementor-element-populated\">\n\t\t\t\t\t\t\t<\/div>\n\t\t<\/div>\n\t\t\t\t<div class=\"elementor-column elementor-col-50 elementor-top-column elementor-element elementor-element-db99ad1\" data-id=\"db99ad1\" data-element_type=\"column\">\n\t\t\t<div class=\"elementor-widget-wrap elementor-element-populated\">\n\t\t\t\t\t\t<div class=\"elementor-element elementor-element-433bd0e elementor-icon-list--layout-inline elementor-widget__width-auto elementor-list-item-link-full_width elementor-widget elementor-widget-icon-list\" data-id=\"433bd0e\" data-element_type=\"widget\" data-widget_type=\"icon-list.default\">\n\t\t\t\t\t\t\t<ul class=\"elementor-icon-list-items elementor-inline-items\">\n\t\t\t\t\t\t\t<li class=\"elementor-icon-list-item elementor-inline-item\">\n\t\t\t\t\t\t\t\t\t\t\t<a href=\"https:\/\/www.glas-salge.de\/en\">\n\n\t\t\t\t\t\t\t\t\t\t\t<span class=\"elementor-icon-list-text\">Home <\/span>\n\t\t\t\t\t\t\t\t\t\t\t<\/a>\n\t\t\t\t\t\t\t\t\t<\/li>\n\t\t\t\t\t\t\t\t<li class=\"elementor-icon-list-item elementor-inline-item\">\n\t\t\t\t\t\t\t\t\t\t<span class=\"elementor-icon-list-text\"><\/span>\n\t\t\t\t\t\t\t\t\t<\/li>\n\t\t\t\t\t\t<\/ul>\n\t\t\t\t\t\t<\/div>\n\t\t\t\t\t<\/div>\n\t\t<\/div>\n\t\t\t\t\t<\/div>\n\t\t<\/section>\n\t\t\t\t<section class=\"elementor-section elementor-top-section elementor-element elementor-element-1ec83df1 elementor-section-content-middle elementor-reverse-mobile elementor-reverse-tablet elementor-section-boxed elementor-section-height-default elementor-section-height-default\" data-id=\"1ec83df1\" data-element_type=\"section\" data-settings=\"{&quot;background_background&quot;:&quot;classic&quot;,&quot;jet_parallax_layout_list&quot;:[]}\">\n\t\t\t\t\t\t<div class=\"elementor-container elementor-column-gap-default\">\n\t\t\t\t\t<div class=\"elementor-column elementor-col-50 elementor-top-column elementor-element elementor-element-55e5527d\" data-id=\"55e5527d\" data-element_type=\"column\">\n\t\t\t<div class=\"elementor-widget-wrap elementor-element-populated\">\n\t\t\t\t\t\t<div class=\"elementor-element elementor-element-328b7499 elementor-widget-tablet__width-auto elementor-widget elementor-widget-image\" data-id=\"328b7499\" data-element_type=\"widget\" data-widget_type=\"image.default\">\n\t\t\t\t\t\t\t\t\t\t\t\t\t\t\t<img fetchpriority=\"high\" decoding=\"async\" width=\"2560\" height=\"1696\" src=\"https:\/\/www.glas-salge.de\/wp-content\/uploads\/2023\/10\/Beispielbild_Salge_Kuchenarbeitsplatte-scaled.jpg\" class=\"attachment-full size-full wp-image-3746\" alt=\"\" srcset=\"https:\/\/www.glas-salge.de\/wp-content\/uploads\/2023\/10\/Beispielbild_Salge_Kuchenarbeitsplatte-scaled.jpg 2560w, https:\/\/www.glas-salge.de\/wp-content\/uploads\/2023\/10\/Beispielbild_Salge_Kuchenarbeitsplatte-300x199.jpg 300w, https:\/\/www.glas-salge.de\/wp-content\/uploads\/2023\/10\/Beispielbild_Salge_Kuchenarbeitsplatte-1024x678.jpg 1024w, https:\/\/www.glas-salge.de\/wp-content\/uploads\/2023\/10\/Beispielbild_Salge_Kuchenarbeitsplatte-768x509.jpg 768w, https:\/\/www.glas-salge.de\/wp-content\/uploads\/2023\/10\/Beispielbild_Salge_Kuchenarbeitsplatte-1536x1017.jpg 1536w, https:\/\/www.glas-salge.de\/wp-content\/uploads\/2023\/10\/Beispielbild_Salge_Kuchenarbeitsplatte-2048x1356.jpg 2048w\" sizes=\"(max-width: 2560px) 100vw, 2560px\" \/>\t\t\t\t\t\t\t\t\t\t\t\t\t\t\t<\/div>\n\t\t\t\t\t<\/div>\n\t\t<\/div>\n\t\t\t\t<div class=\"elementor-column elementor-col-50 elementor-top-column elementor-element elementor-element-687d4e66\" data-id=\"687d4e66\" data-element_type=\"column\">\n\t\t\t<div class=\"elementor-widget-wrap elementor-element-populated\">\n\t\t\t\t\t\t<div class=\"elementor-element elementor-element-45373558 elementor-widget elementor-widget-heading\" data-id=\"45373558\" data-element_type=\"widget\" data-widget_type=\"heading.default\">\n\t\t\t\t\t<h2 class=\"elementor-heading-title elementor-size-default\">Glasarbeitsplatten + Ablagen<\/h2>\t\t\t\t<\/div>\n\t\t\t\t<div class=\"elementor-element elementor-element-57c6a1dd elementor-widget elementor-widget-text-editor\" data-id=\"57c6a1dd\" data-element_type=\"widget\" data-widget_type=\"text-editor.default\">\n\t\t\t\t\t\t\t\t\t<p>Verwandeln sie ihre K\u00fcche oder ihr Arbeitszimmer in eine stilvolle und funktionale Arbeitsumgebung mit unseren kratzfesten Glasarbeitsplatten und Ablagen. Dank ihrer glatten und hygienischen Oberfl\u00e4chen sind sie ideal f\u00fcr den t\u00e4glichen Gebrauch geeignet und einfach zu reinigen.<\/p>\n<p>Unsere ma\u00dfgefertigten Glasarbeitsplatten bieten eine Vielzahl von Designs, Farben und Dicken, um ihren Raum einen einzigartigen Look zu verleihen. Ob in der K\u00fcche als stilvolle Kochinsel oder im Arbeitszimmer als elegante Schreibtischunterlage \u2013 unsere L\u00f6sungen verleihen jedem Raum eine luxuri\u00f6se Note.<\/p>\t\t\t\t\t\t\t\t<\/div>\n\t\t\t\t<section class=\"elementor-section elementor-inner-section elementor-element elementor-element-ada9eb7 elementor-section-boxed elementor-section-height-default elementor-section-height-default\" data-id=\"ada9eb7\" data-element_type=\"section\" data-settings=\"{&quot;background_background&quot;:&quot;classic&quot;,&quot;jet_parallax_layout_list&quot;:[]}\">\n\t\t\t\t\t\t<div class=\"elementor-container elementor-column-gap-default\">\n\t\t\t\t\t<div class=\"elementor-column elementor-col-100 elementor-inner-column elementor-element elementor-element-addbaa9\" data-id=\"addbaa9\" data-element_type=\"column\">\n\t\t\t<div class=\"elementor-widget-wrap elementor-element-populated\">\n\t\t\t\t\t\t<div class=\"elementor-element elementor-element-aee99c2 elementor-widget__width-auto elementor-widget elementor-widget-heading\" data-id=\"aee99c2\" data-element_type=\"widget\" data-widget_type=\"heading.default\">\n\t\t\t\t\t<h2 class=\"elementor-heading-title elementor-size-default\">Trend:<\/h2>\t\t\t\t<\/div>\n\t\t\t\t<div class=\"elementor-element elementor-element-64d1af9 elementor-widget__width-auto elementor-widget elementor-widget-text-editor\" data-id=\"64d1af9\" data-element_type=\"widget\" data-widget_type=\"text-editor.default\">\n\t\t\t\t\t\t\t\t\t<p>#Individuelle Farbgestaltung<\/p>\t\t\t\t\t\t\t\t<\/div>\n\t\t\t\t\t<\/div>\n\t\t<\/div>\n\t\t\t\t\t<\/div>\n\t\t<\/section>\n\t\t\t\t\t<\/div>\n\t\t<\/div>\n\t\t\t\t\t<\/div>\n\t\t<\/section>\n\t\t\t\t<section class=\"elementor-section elementor-top-section elementor-element elementor-element-a6c6459 elementor-hidden-desktop elementor-hidden-tablet elementor-hidden-mobile elementor-section-boxed elementor-section-height-default elementor-section-height-default\" data-id=\"a6c6459\" data-element_type=\"section\" data-settings=\"{&quot;background_background&quot;:&quot;classic&quot;,&quot;jet_parallax_layout_list&quot;:[]}\">\n\t\t\t\t\t\t<div class=\"elementor-container elementor-column-gap-default\">\n\t\t\t\t\t<div class=\"elementor-column elementor-col-100 elementor-top-column elementor-element elementor-element-3ec6f07\" data-id=\"3ec6f07\" data-element_type=\"column\">\n\t\t\t<div class=\"elementor-widget-wrap elementor-element-populated\">\n\t\t\t\t\t\t<div class=\"elementor-element elementor-element-bdc6f45 elementor-widget elementor-widget-gallery\" data-id=\"bdc6f45\" data-element_type=\"widget\" data-settings=\"{&quot;image_hover_animation&quot;:&quot;grow&quot;,&quot;columns_tablet&quot;:4,&quot;columns_mobile&quot;:2,&quot;lazyload&quot;:&quot;yes&quot;,&quot;gallery_layout&quot;:&quot;grid&quot;,&quot;columns&quot;:4,&quot;gap&quot;:{&quot;unit&quot;:&quot;px&quot;,&quot;size&quot;:10,&quot;sizes&quot;:[]},&quot;gap_tablet&quot;:{&quot;unit&quot;:&quot;px&quot;,&quot;size&quot;:10,&quot;sizes&quot;:[]},&quot;gap_mobile&quot;:{&quot;unit&quot;:&quot;px&quot;,&quot;size&quot;:10,&quot;sizes&quot;:[]},&quot;link_to&quot;:&quot;file&quot;,&quot;aspect_ratio&quot;:&quot;3:2&quot;,&quot;overlay_background&quot;:&quot;yes&quot;,&quot;content_hover_animation&quot;:&quot;fade-in&quot;}\" data-widget_type=\"gallery.default\">\n\t\t\t\t\t\t\t<div class=\"elementor-gallery__container\">\n\t\t\t\t\t\t\t<a class=\"e-gallery-item elementor-gallery-item elementor-animated-content\" href=\"https:\/\/www.glas-salge.de\/wp-content\/uploads\/2023\/07\/3d-rendering-mock-up-wood-decor-living-room-with-sofa-classic-style-1.jpg\" data-elementor-open-lightbox=\"yes\" data-elementor-lightbox-slideshow=\"bdc6f45\" data-elementor-lightbox-title=\"3d-rendering-mock-up-wood-decor-living-room-with-sofa-classic-style (1)\" data-e-action-hash=\"#elementor-action%3Aaction%3Dlightbox%26settings%3DeyJpZCI6NzksInVybCI6Imh0dHBzOlwvXC93d3cuZ2xhcy1zYWxnZS5kZVwvd3AtY29udGVudFwvdXBsb2Fkc1wvMjAyM1wvMDdcLzNkLXJlbmRlcmluZy1tb2NrLXVwLXdvb2QtZGVjb3ItbGl2aW5nLXJvb20td2l0aC1zb2ZhLWNsYXNzaWMtc3R5bGUtMS5qcGciLCJzbGlkZXNob3ciOiJiZGM2ZjQ1In0%3D\">\n\t\t\t\t\t<div class=\"e-gallery-image elementor-gallery-item__image\" data-thumbnail=\"https:\/\/www.glas-salge.de\/wp-content\/uploads\/2023\/07\/3d-rendering-mock-up-wood-decor-living-room-with-sofa-classic-style-1.jpg\" data-width=\"1500\" data-height=\"1000\" aria-label=\"\" role=\"img\" ><\/div>\n\t\t\t\t\t\t\t\t\t\t\t<div class=\"elementor-gallery-item__overlay\"><\/div>\n\t\t\t\t\t\t\t\t\t\t\t\t\t\t<\/a>\n\t\t\t\t\t\t\t<a class=\"e-gallery-item elementor-gallery-item elementor-animated-content\" href=\"https:\/\/www.glas-salge.de\/wp-content\/uploads\/2023\/07\/gray-sofa-white-living-room-interior-with-copy-space-3d-rendering-1.jpg\" data-elementor-open-lightbox=\"yes\" data-elementor-lightbox-slideshow=\"bdc6f45\" data-elementor-lightbox-title=\"gray-sofa-white-living-room-interior-with-copy-space-3d-rendering (1)\" data-e-action-hash=\"#elementor-action%3Aaction%3Dlightbox%26settings%3DeyJpZCI6ODEsInVybCI6Imh0dHBzOlwvXC93d3cuZ2xhcy1zYWxnZS5kZVwvd3AtY29udGVudFwvdXBsb2Fkc1wvMjAyM1wvMDdcL2dyYXktc29mYS13aGl0ZS1saXZpbmctcm9vbS1pbnRlcmlvci13aXRoLWNvcHktc3BhY2UtM2QtcmVuZGVyaW5nLTEuanBnIiwic2xpZGVzaG93IjoiYmRjNmY0NSJ9\">\n\t\t\t\t\t<div class=\"e-gallery-image elementor-gallery-item__image\" data-thumbnail=\"https:\/\/www.glas-salge.de\/wp-content\/uploads\/2023\/07\/gray-sofa-white-living-room-interior-with-copy-space-3d-rendering-1.jpg\" data-width=\"1500\" data-height=\"900\" aria-label=\"\" role=\"img\" ><\/div>\n\t\t\t\t\t\t\t\t\t\t\t<div class=\"elementor-gallery-item__overlay\"><\/div>\n\t\t\t\t\t\t\t\t\t\t\t\t\t\t<\/a>\n\t\t\t\t\t\t\t<a class=\"e-gallery-item elementor-gallery-item elementor-animated-content\" href=\"https:\/\/www.glas-salge.de\/wp-content\/uploads\/2023\/07\/3d-rendering-modern-dining-room-living-room-with-luxury-decor-1.jpg\" data-elementor-open-lightbox=\"yes\" data-elementor-lightbox-slideshow=\"bdc6f45\" data-elementor-lightbox-title=\"3d-rendering-modern-dining-room-living-room-with-luxury-decor (1)\" data-e-action-hash=\"#elementor-action%3Aaction%3Dlightbox%26settings%3DeyJpZCI6ODIsInVybCI6Imh0dHBzOlwvXC93d3cuZ2xhcy1zYWxnZS5kZVwvd3AtY29udGVudFwvdXBsb2Fkc1wvMjAyM1wvMDdcLzNkLXJlbmRlcmluZy1tb2Rlcm4tZGluaW5nLXJvb20tbGl2aW5nLXJvb20td2l0aC1sdXh1cnktZGVjb3ItMS5qcGciLCJzbGlkZXNob3ciOiJiZGM2ZjQ1In0%3D\">\n\t\t\t\t\t<div class=\"e-gallery-image elementor-gallery-item__image\" data-thumbnail=\"https:\/\/www.glas-salge.de\/wp-content\/uploads\/2023\/07\/3d-rendering-modern-dining-room-living-room-with-luxury-decor-1.jpg\" data-width=\"1500\" data-height=\"1000\" aria-label=\"\" role=\"img\" ><\/div>\n\t\t\t\t\t\t\t\t\t\t\t<div class=\"elementor-gallery-item__overlay\"><\/div>\n\t\t\t\t\t\t\t\t\t\t\t\t\t\t<\/a>\n\t\t\t\t\t\t\t<a class=\"e-gallery-item elementor-gallery-item elementor-animated-content\" href=\"https:\/\/www.glas-salge.de\/wp-content\/uploads\/2023\/07\/armchair-green-living-room-with-copy-space-1.jpg\" data-elementor-open-lightbox=\"yes\" data-elementor-lightbox-slideshow=\"bdc6f45\" data-elementor-lightbox-title=\"armchair-green-living-room-with-copy-space (1)\" data-e-action-hash=\"#elementor-action%3Aaction%3Dlightbox%26settings%3DeyJpZCI6ODMsInVybCI6Imh0dHBzOlwvXC93d3cuZ2xhcy1zYWxnZS5kZVwvd3AtY29udGVudFwvdXBsb2Fkc1wvMjAyM1wvMDdcL2FybWNoYWlyLWdyZWVuLWxpdmluZy1yb29tLXdpdGgtY29weS1zcGFjZS0xLmpwZyIsInNsaWRlc2hvdyI6ImJkYzZmNDUifQ%3D%3D\">\n\t\t\t\t\t<div class=\"e-gallery-image elementor-gallery-item__image\" data-thumbnail=\"https:\/\/www.glas-salge.de\/wp-content\/uploads\/2023\/07\/armchair-green-living-room-with-copy-space-1.jpg\" data-width=\"1500\" data-height=\"1050\" aria-label=\"\" role=\"img\" ><\/div>\n\t\t\t\t\t\t\t\t\t\t\t<div class=\"elementor-gallery-item__overlay\"><\/div>\n\t\t\t\t\t\t\t\t\t\t\t\t\t\t<\/a>\n\t\t\t\t\t\t\t<a class=\"e-gallery-item elementor-gallery-item elementor-animated-content\" href=\"https:\/\/www.glas-salge.de\/wp-content\/uploads\/2023\/07\/3d-rendering-loft-luxury-living-room-with-shelf-near-dining-table-1.jpg\" data-elementor-open-lightbox=\"yes\" data-elementor-lightbox-slideshow=\"bdc6f45\" data-elementor-lightbox-title=\"3d-rendering-loft-luxury-living-room-with-shelf-near-dining-table (1)\" data-e-action-hash=\"#elementor-action%3Aaction%3Dlightbox%26settings%3DeyJpZCI6ODQsInVybCI6Imh0dHBzOlwvXC93d3cuZ2xhcy1zYWxnZS5kZVwvd3AtY29udGVudFwvdXBsb2Fkc1wvMjAyM1wvMDdcLzNkLXJlbmRlcmluZy1sb2Z0LWx1eHVyeS1saXZpbmctcm9vbS13aXRoLXNoZWxmLW5lYXItZGluaW5nLXRhYmxlLTEuanBnIiwic2xpZGVzaG93IjoiYmRjNmY0NSJ9\">\n\t\t\t\t\t<div class=\"e-gallery-image elementor-gallery-item__image\" data-thumbnail=\"https:\/\/www.glas-salge.de\/wp-content\/uploads\/2023\/07\/3d-rendering-loft-luxury-living-room-with-shelf-near-dining-table-1.jpg\" data-width=\"1500\" data-height=\"1000\" aria-label=\"\" role=\"img\" ><\/div>\n\t\t\t\t\t\t\t\t\t\t\t<div class=\"elementor-gallery-item__overlay\"><\/div>\n\t\t\t\t\t\t\t\t\t\t\t\t\t\t<\/a>\n\t\t\t\t\t\t\t<a class=\"e-gallery-item elementor-gallery-item elementor-animated-content\" href=\"https:\/\/www.glas-salge.de\/wp-content\/uploads\/2023\/07\/sofa-green-living-room-with-copy-space-1.jpg\" data-elementor-open-lightbox=\"yes\" data-elementor-lightbox-slideshow=\"bdc6f45\" data-elementor-lightbox-title=\"sofa-green-living-room-with-copy-space (1)\" data-e-action-hash=\"#elementor-action%3Aaction%3Dlightbox%26settings%3DeyJpZCI6ODUsInVybCI6Imh0dHBzOlwvXC93d3cuZ2xhcy1zYWxnZS5kZVwvd3AtY29udGVudFwvdXBsb2Fkc1wvMjAyM1wvMDdcL3NvZmEtZ3JlZW4tbGl2aW5nLXJvb20td2l0aC1jb3B5LXNwYWNlLTEuanBnIiwic2xpZGVzaG93IjoiYmRjNmY0NSJ9\">\n\t\t\t\t\t<div class=\"e-gallery-image elementor-gallery-item__image\" data-thumbnail=\"https:\/\/www.glas-salge.de\/wp-content\/uploads\/2023\/07\/sofa-green-living-room-with-copy-space-1.jpg\" data-width=\"1500\" data-height=\"1050\" aria-label=\"\" role=\"img\" ><\/div>\n\t\t\t\t\t\t\t\t\t\t\t<div class=\"elementor-gallery-item__overlay\"><\/div>\n\t\t\t\t\t\t\t\t\t\t\t\t\t\t<\/a>\n\t\t\t\t\t\t\t<a class=\"e-gallery-item elementor-gallery-item elementor-animated-content\" href=\"https:\/\/www.glas-salge.de\/wp-content\/uploads\/2023\/07\/bangkok-thailand-august-12-2016-beautiful-luxury-living-room.jpg\" data-elementor-open-lightbox=\"yes\" data-elementor-lightbox-slideshow=\"bdc6f45\" data-elementor-lightbox-title=\"bangkok-thailand-august-12-2016-beautiful-luxury-living-room\" data-e-action-hash=\"#elementor-action%3Aaction%3Dlightbox%26settings%3DeyJpZCI6ODYsInVybCI6Imh0dHBzOlwvXC93d3cuZ2xhcy1zYWxnZS5kZVwvd3AtY29udGVudFwvdXBsb2Fkc1wvMjAyM1wvMDdcL2Jhbmdrb2stdGhhaWxhbmQtYXVndXN0LTEyLTIwMTYtYmVhdXRpZnVsLWx1eHVyeS1saXZpbmctcm9vbS5qcGciLCJzbGlkZXNob3ciOiJiZGM2ZjQ1In0%3D\">\n\t\t\t\t\t<div class=\"e-gallery-image elementor-gallery-item__image\" data-thumbnail=\"https:\/\/www.glas-salge.de\/wp-content\/uploads\/2023\/07\/bangkok-thailand-august-12-2016-beautiful-luxury-living-room.jpg\" data-width=\"1500\" data-height=\"1000\" aria-label=\"\" role=\"img\" ><\/div>\n\t\t\t\t\t\t\t\t\t\t\t<div class=\"elementor-gallery-item__overlay\"><\/div>\n\t\t\t\t\t\t\t\t\t\t\t\t\t\t<\/a>\n\t\t\t\t\t\t\t<a class=\"e-gallery-item elementor-gallery-item elementor-animated-content\" href=\"https:\/\/www.glas-salge.de\/wp-content\/uploads\/2023\/07\/white-sideboard-living-room-interior-with-copy-space-1-e1690480262673.jpg\" data-elementor-open-lightbox=\"yes\" data-elementor-lightbox-slideshow=\"bdc6f45\" data-elementor-lightbox-title=\"white-sideboard-living-room-interior-with-copy-space (1)\" data-e-action-hash=\"#elementor-action%3Aaction%3Dlightbox%26settings%3DeyJpZCI6NjIsInVybCI6Imh0dHBzOlwvXC93d3cuZ2xhcy1zYWxnZS5kZVwvd3AtY29udGVudFwvdXBsb2Fkc1wvMjAyM1wvMDdcL3doaXRlLXNpZGVib2FyZC1saXZpbmctcm9vbS1pbnRlcmlvci13aXRoLWNvcHktc3BhY2UtMS1lMTY5MDQ4MDI2MjY3My5qcGciLCJzbGlkZXNob3ciOiJiZGM2ZjQ1In0%3D\">\n\t\t\t\t\t<div class=\"e-gallery-image elementor-gallery-item__image\" data-thumbnail=\"https:\/\/www.glas-salge.de\/wp-content\/uploads\/2023\/07\/white-sideboard-living-room-interior-with-copy-space-1-e1690480262673.jpg\" data-width=\"1500\" data-height=\"900\" aria-label=\"\" role=\"img\" ><\/div>\n\t\t\t\t\t\t\t\t\t\t\t<div class=\"elementor-gallery-item__overlay\"><\/div>\n\t\t\t\t\t\t\t\t\t\t\t\t\t\t<\/a>\n\t\t\t\t\t<\/div>\n\t\t\t\t\t<\/div>\n\t\t\t\t\t<\/div>\n\t\t<\/div>\n\t\t\t\t\t<\/div>\n\t\t<\/section>\n\t\t\t\t<section class=\"elementor-section elementor-top-section elementor-element elementor-element-828e57e elementor-section-boxed elementor-section-height-default elementor-section-height-default\" data-id=\"828e57e\" data-element_type=\"section\" data-settings=\"{&quot;background_background&quot;:&quot;classic&quot;,&quot;jet_parallax_layout_list&quot;:[]}\">\n\t\t\t\t\t\t<div class=\"elementor-container elementor-column-gap-default\">\n\t\t\t\t\t<div class=\"elementor-column elementor-col-100 elementor-top-column elementor-element elementor-element-35dc51a\" data-id=\"35dc51a\" data-element_type=\"column\">\n\t\t\t<div class=\"elementor-widget-wrap elementor-element-populated\">\n\t\t\t\t\t\t<section class=\"elementor-section elementor-inner-section elementor-element elementor-element-e85b19e elementor-section-boxed elementor-section-height-default elementor-section-height-default\" data-id=\"e85b19e\" data-element_type=\"section\" data-settings=\"{&quot;jet_parallax_layout_list&quot;:[]}\">\n\t\t\t\t\t\t<div class=\"elementor-container elementor-column-gap-default\">\n\t\t\t\t\t<div class=\"elementor-column elementor-col-100 elementor-inner-column elementor-element elementor-element-37dbbd2\" data-id=\"37dbbd2\" data-element_type=\"column\">\n\t\t\t<div class=\"elementor-widget-wrap elementor-element-populated\">\n\t\t\t\t\t\t<div class=\"elementor-element elementor-element-b81ee4c elementor-widget__width-inherit elementor-widget elementor-widget-heading\" data-id=\"b81ee4c\" data-element_type=\"widget\" data-widget_type=\"heading.default\">\n\t\t\t\t\t<h2 class=\"elementor-heading-title elementor-size-default\">Unser Instagram<\/h2>\t\t\t\t<\/div>\n\t\t\t\t\t<\/div>\n\t\t<\/div>\n\t\t\t\t\t<\/div>\n\t\t<\/section>\n\t\t\t\t<div class=\"elementor-element elementor-element-e4ee830 elementor-widget elementor-widget-shortcode\" data-id=\"e4ee830\" data-element_type=\"widget\" data-widget_type=\"shortcode.default\">\n\t\t\t\t\t\t\t<div class=\"elementor-shortcode\">[instagram-feed feed=2]<\/div>\n\t\t\t\t\t\t<\/div>\n\t\t\t\t\t<\/div>\n\t\t<\/div>\n\t\t\t\t\t<\/div>\n\t\t<\/section>\n\t\t\t\t<\/div>","protected":false},"excerpt":{"rendered":"<p>Home Glasarbeitsplatten + Ablagen Verwandeln sie ihre K\u00fcche oder ihr Arbeitszimmer in eine stilvolle und funktionale Arbeitsumgebung mit unseren kratzfesten Glasarbeitsplatten und Ablagen. Dank ihrer glatten und hygienischen Oberfl\u00e4chen sind sie ideal f\u00fcr den t\u00e4glichen Gebrauch geeignet und einfach zu reinigen. Unsere ma\u00dfgefertigten Glasarbeitsplatten bieten eine Vielzahl von Designs, Farben und Dicken, um ihren Raum [&hellip;]<\/p>","protected":false},"author":2,"featured_media":0,"parent":101,"menu_order":0,"comment_status":"closed","ping_status":"closed","template":"elementor_header_footer","meta":{"footnotes":""},"class_list":["post-3237","page","type-page","status-publish","hentry"],"_links":{"self":[{"href":"https:\/\/www.glas-salge.de\/en\/wp-json\/wp\/v2\/pages\/3237","targetHints":{"allow":["GET"]}}],"collection":[{"href":"https:\/\/www.glas-salge.de\/en\/wp-json\/wp\/v2\/pages"}],"about":[{"href":"https:\/\/www.glas-salge.de\/en\/wp-json\/wp\/v2\/types\/page"}],"author":[{"embeddable":true,"href":"https:\/\/www.glas-salge.de\/en\/wp-json\/wp\/v2\/users\/2"}],"replies":[{"embeddable":true,"href":"https:\/\/www.glas-salge.de\/en\/wp-json\/wp\/v2\/comments?post=3237"}],"version-history":[{"count":26,"href":"https:\/\/www.glas-salge.de\/en\/wp-json\/wp\/v2\/pages\/3237\/revisions"}],"predecessor-version":[{"id":5062,"href":"https:\/\/www.glas-salge.de\/en\/wp-json\/wp\/v2\/pages\/3237\/revisions\/5062"}],"up":[{"embeddable":true,"href":"https:\/\/www.glas-salge.de\/en\/wp-json\/wp\/v2\/pages\/101"}],"wp:attachment":[{"href":"https:\/\/www.glas-salge.de\/en\/wp-json\/wp\/v2\/media?parent=3237"}],"curies":[{"name":"wp","href":"https:\/\/api.w.org\/{rel}","templated":true}]}}