{"id":1496,"date":"2023-07-10T07:33:20","date_gmt":"2023-07-10T07:33:20","guid":{"rendered":"https:\/\/www.glas-salge.de\/?page_id=1496"},"modified":"2025-04-10T15:20:37","modified_gmt":"2025-04-10T13:20:37","slug":"plissees-sonnenschutz","status":"publish","type":"page","link":"https:\/\/www.glas-salge.de\/en\/interior\/plissees-sonnenschutz\/","title":{"rendered":"Plissees &#038; Sonnenschutz"},"content":{"rendered":"<div data-elementor-type=\"wp-page\" data-elementor-id=\"1496\" class=\"elementor elementor-1496\" data-elementor-post-type=\"page\">\n\t\t\t\t\t\t<section class=\"elementor-section elementor-top-section elementor-element elementor-element-5e79cc4 elementor-section-content-middle elementor-section-boxed elementor-section-height-default elementor-section-height-default\" data-id=\"5e79cc4\" data-element_type=\"section\" data-settings=\"{&quot;background_background&quot;:&quot;classic&quot;,&quot;jet_parallax_layout_list&quot;:[]}\">\n\t\t\t\t\t\t\t<div class=\"elementor-background-overlay\"><\/div>\n\t\t\t\t\t\t\t<div class=\"elementor-container elementor-column-gap-default\">\n\t\t\t\t\t<div class=\"elementor-column elementor-col-50 elementor-top-column elementor-element elementor-element-0fdf5f7\" data-id=\"0fdf5f7\" data-element_type=\"column\">\n\t\t\t<div class=\"elementor-widget-wrap elementor-element-populated\">\n\t\t\t\t\t\t\t<\/div>\n\t\t<\/div>\n\t\t\t\t<div class=\"elementor-column elementor-col-50 elementor-top-column elementor-element elementor-element-db99ad1\" data-id=\"db99ad1\" data-element_type=\"column\">\n\t\t\t<div class=\"elementor-widget-wrap elementor-element-populated\">\n\t\t\t\t\t\t<div class=\"elementor-element elementor-element-433bd0e elementor-icon-list--layout-inline elementor-widget__width-auto elementor-list-item-link-full_width elementor-widget elementor-widget-icon-list\" data-id=\"433bd0e\" data-element_type=\"widget\" data-widget_type=\"icon-list.default\">\n\t\t\t\t\t\t\t<ul class=\"elementor-icon-list-items elementor-inline-items\">\n\t\t\t\t\t\t\t<li class=\"elementor-icon-list-item elementor-inline-item\">\n\t\t\t\t\t\t\t\t\t\t\t<a href=\"https:\/\/www.glas-salge.de\/en\">\n\n\t\t\t\t\t\t\t\t\t\t\t<span class=\"elementor-icon-list-text\">Home <\/span>\n\t\t\t\t\t\t\t\t\t\t\t<\/a>\n\t\t\t\t\t\t\t\t\t<\/li>\n\t\t\t\t\t\t\t\t<li class=\"elementor-icon-list-item elementor-inline-item\">\n\t\t\t\t\t\t\t\t\t\t<span class=\"elementor-icon-list-text\"><\/span>\n\t\t\t\t\t\t\t\t\t<\/li>\n\t\t\t\t\t\t<\/ul>\n\t\t\t\t\t\t<\/div>\n\t\t\t\t\t<\/div>\n\t\t<\/div>\n\t\t\t\t\t<\/div>\n\t\t<\/section>\n\t\t\t\t<section class=\"elementor-section elementor-top-section elementor-element elementor-element-1ec83df1 elementor-section-content-middle elementor-reverse-mobile elementor-reverse-tablet elementor-section-boxed elementor-section-height-default elementor-section-height-default\" data-id=\"1ec83df1\" data-element_type=\"section\" data-settings=\"{&quot;background_background&quot;:&quot;classic&quot;,&quot;jet_parallax_layout_list&quot;:[]}\">\n\t\t\t\t\t\t<div class=\"elementor-container elementor-column-gap-default\">\n\t\t\t\t\t<div class=\"elementor-column elementor-col-50 elementor-top-column elementor-element elementor-element-55e5527d\" data-id=\"55e5527d\" data-element_type=\"column\">\n\t\t\t<div class=\"elementor-widget-wrap elementor-element-populated\">\n\t\t\t\t\t\t<div class=\"elementor-element elementor-element-328b7499 elementor-widget-tablet__width-auto elementor-widget elementor-widget-image\" data-id=\"328b7499\" data-element_type=\"widget\" data-widget_type=\"image.default\">\n\t\t\t\t\t\t\t\t\t\t\t\t\t\t\t<img fetchpriority=\"high\" decoding=\"async\" width=\"1708\" height=\"2560\" src=\"https:\/\/www.glas-salge.de\/wp-content\/uploads\/2023\/07\/Casa_Plissee_Bild-scaled.jpg\" class=\"attachment-full size-full wp-image-1779\" alt=\"\" srcset=\"https:\/\/www.glas-salge.de\/wp-content\/uploads\/2023\/07\/Casa_Plissee_Bild-scaled.jpg 1708w, https:\/\/www.glas-salge.de\/wp-content\/uploads\/2023\/07\/Casa_Plissee_Bild-200x300.jpg 200w, https:\/\/www.glas-salge.de\/wp-content\/uploads\/2023\/07\/Casa_Plissee_Bild-683x1024.jpg 683w, https:\/\/www.glas-salge.de\/wp-content\/uploads\/2023\/07\/Casa_Plissee_Bild-768x1151.jpg 768w, https:\/\/www.glas-salge.de\/wp-content\/uploads\/2023\/07\/Casa_Plissee_Bild-1025x1536.jpg 1025w, https:\/\/www.glas-salge.de\/wp-content\/uploads\/2023\/07\/Casa_Plissee_Bild-1366x2048.jpg 1366w\" sizes=\"(max-width: 1708px) 100vw, 1708px\" \/>\t\t\t\t\t\t\t\t\t\t\t\t\t\t\t<\/div>\n\t\t\t\t\t<\/div>\n\t\t<\/div>\n\t\t\t\t<div class=\"elementor-column elementor-col-50 elementor-top-column elementor-element elementor-element-687d4e66\" data-id=\"687d4e66\" data-element_type=\"column\">\n\t\t\t<div class=\"elementor-widget-wrap elementor-element-populated\">\n\t\t\t\t\t\t<div class=\"elementor-element elementor-element-45373558 elementor-widget elementor-widget-heading\" data-id=\"45373558\" data-element_type=\"widget\" data-widget_type=\"heading.default\">\n\t\t\t\t\t<h2 class=\"elementor-heading-title elementor-size-default\">Plissees<\/h2>\t\t\t\t<\/div>\n\t\t\t\t<div class=\"elementor-element elementor-element-57c6a1dd elementor-widget elementor-widget-text-editor\" data-id=\"57c6a1dd\" data-element_type=\"widget\" data-widget_type=\"text-editor.default\">\n\t\t\t\t\t\t\t\t\t<p>Erh\u00f6hen sie die Funktionalit\u00e4t ihrer Glasoberfl\u00e4chen mit unseren eleganten und praktischen Plissees. Unsere faltbaren Glasvorh\u00e4nge bieten vielseitige Lichtsteuerung und sorgen f\u00fcr eine angenehme Atmosph\u00e4re in ihren R\u00e4umen.<\/p>\n<p>Mit ihrem schlanken und \u00e4sthetischen Design f\u00fcgen sich unsere Plissees harmonisch in jedes Interieur ein und bieten zugleich eine effektive M\u00f6glichkeit, Blendung zu reduzieren und Privatsph\u00e4re zu sch\u00fctzen. Egal ob in Wohnr\u00e4umen, Winterg\u00e4rten oder B\u00fcror\u00e4umen &#8211; unsere Plissees bieten eine moderne und funktionale L\u00f6sung, um das Raumklima nach ihren individuellen Bed\u00fcrfnissen zu gestalten.<\/p>\t\t\t\t\t\t\t\t<\/div>\n\t\t\t\t<section class=\"elementor-section elementor-inner-section elementor-element elementor-element-ada9eb7 elementor-section-boxed elementor-section-height-default elementor-section-height-default\" data-id=\"ada9eb7\" data-element_type=\"section\" data-settings=\"{&quot;background_background&quot;:&quot;classic&quot;,&quot;jet_parallax_layout_list&quot;:[]}\">\n\t\t\t\t\t\t<div class=\"elementor-container elementor-column-gap-default\">\n\t\t\t\t\t<div class=\"elementor-column elementor-col-100 elementor-inner-column elementor-element elementor-element-addbaa9\" data-id=\"addbaa9\" data-element_type=\"column\">\n\t\t\t<div class=\"elementor-widget-wrap elementor-element-populated\">\n\t\t\t\t\t\t<div class=\"elementor-element elementor-element-aee99c2 elementor-widget__width-auto elementor-widget elementor-widget-heading\" data-id=\"aee99c2\" data-element_type=\"widget\" data-widget_type=\"heading.default\">\n\t\t\t\t\t<h2 class=\"elementor-heading-title elementor-size-default\">Trend:<\/h2>\t\t\t\t<\/div>\n\t\t\t\t<div class=\"elementor-element elementor-element-64d1af9 elementor-widget__width-auto elementor-widget elementor-widget-text-editor\" data-id=\"64d1af9\" data-element_type=\"widget\" data-widget_type=\"text-editor.default\">\n\t\t\t\t\t\t\t\t\t<p>#Transparente Designs<\/p>\t\t\t\t\t\t\t\t<\/div>\n\t\t\t\t\t<\/div>\n\t\t<\/div>\n\t\t\t\t\t<\/div>\n\t\t<\/section>\n\t\t\t\t\t<\/div>\n\t\t<\/div>\n\t\t\t\t\t<\/div>\n\t\t<\/section>\n\t\t\t\t<section class=\"elementor-section elementor-top-section elementor-element elementor-element-a6c6459 elementor-section-boxed elementor-section-height-default elementor-section-height-default\" data-id=\"a6c6459\" data-element_type=\"section\" data-settings=\"{&quot;background_background&quot;:&quot;classic&quot;,&quot;jet_parallax_layout_list&quot;:[]}\">\n\t\t\t\t\t\t<div class=\"elementor-container elementor-column-gap-default\">\n\t\t\t\t\t<div class=\"elementor-column elementor-col-100 elementor-top-column elementor-element elementor-element-3ec6f07\" data-id=\"3ec6f07\" data-element_type=\"column\">\n\t\t\t<div class=\"elementor-widget-wrap elementor-element-populated\">\n\t\t\t\t\t\t<div class=\"elementor-element elementor-element-5ab7547 elementor-widget elementor-widget-gallery\" data-id=\"5ab7547\" data-element_type=\"widget\" data-settings=\"{&quot;image_hover_animation&quot;:&quot;grow&quot;,&quot;columns_tablet&quot;:4,&quot;columns_mobile&quot;:2,&quot;lazyload&quot;:&quot;yes&quot;,&quot;gallery_layout&quot;:&quot;grid&quot;,&quot;columns&quot;:4,&quot;gap&quot;:{&quot;unit&quot;:&quot;px&quot;,&quot;size&quot;:10,&quot;sizes&quot;:[]},&quot;gap_tablet&quot;:{&quot;unit&quot;:&quot;px&quot;,&quot;size&quot;:10,&quot;sizes&quot;:[]},&quot;gap_mobile&quot;:{&quot;unit&quot;:&quot;px&quot;,&quot;size&quot;:10,&quot;sizes&quot;:[]},&quot;link_to&quot;:&quot;file&quot;,&quot;aspect_ratio&quot;:&quot;3:2&quot;,&quot;overlay_background&quot;:&quot;yes&quot;,&quot;content_hover_animation&quot;:&quot;fade-in&quot;}\" data-widget_type=\"gallery.default\">\n\t\t\t\t\t\t\t<div class=\"elementor-gallery__container\">\n\t\t\t\t\t\t\t<a class=\"e-gallery-item elementor-gallery-item elementor-animated-content\" href=\"https:\/\/www.glas-salge.de\/wp-content\/uploads\/2023\/10\/close-up-colored-fabric-roller-blinds-window-roll-curtains-1.jpg\" data-elementor-open-lightbox=\"yes\" data-elementor-lightbox-slideshow=\"5ab7547\" data-elementor-lightbox-title=\"close-up-colored-fabric-roller-blinds-window-roll-curtains (1)\" data-e-action-hash=\"#elementor-action%3Aaction%3Dlightbox%26settings%3DeyJpZCI6MzgyNywidXJsIjoiaHR0cHM6XC9cL3d3dy5nbGFzLXNhbGdlLmRlXC93cC1jb250ZW50XC91cGxvYWRzXC8yMDIzXC8xMFwvY2xvc2UtdXAtY29sb3JlZC1mYWJyaWMtcm9sbGVyLWJsaW5kcy13aW5kb3ctcm9sbC1jdXJ0YWlucy0xLmpwZyIsInNsaWRlc2hvdyI6IjVhYjc1NDcifQ%3D%3D\">\n\t\t\t\t\t<div class=\"e-gallery-image elementor-gallery-item__image\" data-thumbnail=\"https:\/\/www.glas-salge.de\/wp-content\/uploads\/2023\/10\/close-up-colored-fabric-roller-blinds-window-roll-curtains-1.jpg\" data-width=\"1500\" data-height=\"1000\" aria-label=\"\" role=\"img\" ><\/div>\n\t\t\t\t\t\t\t\t\t\t\t<div class=\"elementor-gallery-item__overlay\"><\/div>\n\t\t\t\t\t\t\t\t\t\t\t\t\t\t<\/a>\n\t\t\t\t\t\t\t<a class=\"e-gallery-item elementor-gallery-item elementor-animated-content\" href=\"https:\/\/www.glas-salge.de\/wp-content\/uploads\/2023\/10\/ideal-websites-magazines-layouts-1.jpg\" data-elementor-open-lightbox=\"yes\" data-elementor-lightbox-slideshow=\"5ab7547\" data-elementor-lightbox-title=\"ideal-websites-magazines-layouts (1)\" data-e-action-hash=\"#elementor-action%3Aaction%3Dlightbox%26settings%3DeyJpZCI6MzgyOCwidXJsIjoiaHR0cHM6XC9cL3d3dy5nbGFzLXNhbGdlLmRlXC93cC1jb250ZW50XC91cGxvYWRzXC8yMDIzXC8xMFwvaWRlYWwtd2Vic2l0ZXMtbWFnYXppbmVzLWxheW91dHMtMS5qcGciLCJzbGlkZXNob3ciOiI1YWI3NTQ3In0%3D\">\n\t\t\t\t\t<div class=\"e-gallery-image elementor-gallery-item__image\" data-thumbnail=\"https:\/\/www.glas-salge.de\/wp-content\/uploads\/2023\/10\/ideal-websites-magazines-layouts-1.jpg\" data-width=\"1500\" data-height=\"1001\" aria-label=\"\" role=\"img\" ><\/div>\n\t\t\t\t\t\t\t\t\t\t\t<div class=\"elementor-gallery-item__overlay\"><\/div>\n\t\t\t\t\t\t\t\t\t\t\t\t\t\t<\/a>\n\t\t\t\t\t\t\t<a class=\"e-gallery-item elementor-gallery-item elementor-animated-content\" href=\"https:\/\/www.glas-salge.de\/wp-content\/uploads\/2023\/10\/venetian-blinds-window-decoration-interior-1-1.jpg\" data-elementor-open-lightbox=\"yes\" data-elementor-lightbox-slideshow=\"5ab7547\" data-elementor-lightbox-title=\"venetian-blinds-window-decoration-interior (1) (1)\" data-e-action-hash=\"#elementor-action%3Aaction%3Dlightbox%26settings%3DeyJpZCI6MzgzMCwidXJsIjoiaHR0cHM6XC9cL3d3dy5nbGFzLXNhbGdlLmRlXC93cC1jb250ZW50XC91cGxvYWRzXC8yMDIzXC8xMFwvdmVuZXRpYW4tYmxpbmRzLXdpbmRvdy1kZWNvcmF0aW9uLWludGVyaW9yLTEtMS5qcGciLCJzbGlkZXNob3ciOiI1YWI3NTQ3In0%3D\">\n\t\t\t\t\t<div class=\"e-gallery-image elementor-gallery-item__image\" data-thumbnail=\"https:\/\/www.glas-salge.de\/wp-content\/uploads\/2023\/10\/venetian-blinds-window-decoration-interior-1-1.jpg\" data-width=\"1500\" data-height=\"1000\" aria-label=\"\" role=\"img\" ><\/div>\n\t\t\t\t\t\t\t\t\t\t\t<div class=\"elementor-gallery-item__overlay\"><\/div>\n\t\t\t\t\t\t\t\t\t\t\t\t\t\t<\/a>\n\t\t\t\t\t\t\t<a class=\"e-gallery-item elementor-gallery-item elementor-animated-content\" href=\"https:\/\/www.glas-salge.de\/wp-content\/uploads\/2023\/10\/office-blinds-modern-wooden-jalousie-office-meeting-room-lighting-range-control-1.jpg\" data-elementor-open-lightbox=\"yes\" data-elementor-lightbox-slideshow=\"5ab7547\" data-elementor-lightbox-title=\"office-blinds-modern-wooden-jalousie-office-meeting-room-lighting-range-control (1)\" data-e-action-hash=\"#elementor-action%3Aaction%3Dlightbox%26settings%3DeyJpZCI6MzgzMSwidXJsIjoiaHR0cHM6XC9cL3d3dy5nbGFzLXNhbGdlLmRlXC93cC1jb250ZW50XC91cGxvYWRzXC8yMDIzXC8xMFwvb2ZmaWNlLWJsaW5kcy1tb2Rlcm4td29vZGVuLWphbG91c2llLW9mZmljZS1tZWV0aW5nLXJvb20tbGlnaHRpbmctcmFuZ2UtY29udHJvbC0xLmpwZyIsInNsaWRlc2hvdyI6IjVhYjc1NDcifQ%3D%3D\">\n\t\t\t\t\t<div class=\"e-gallery-image elementor-gallery-item__image\" data-thumbnail=\"https:\/\/www.glas-salge.de\/wp-content\/uploads\/2023\/10\/office-blinds-modern-wooden-jalousie-office-meeting-room-lighting-range-control-1.jpg\" data-width=\"1500\" data-height=\"1000\" aria-label=\"\" role=\"img\" ><\/div>\n\t\t\t\t\t\t\t\t\t\t\t<div class=\"elementor-gallery-item__overlay\"><\/div>\n\t\t\t\t\t\t\t\t\t\t\t\t\t\t<\/a>\n\t\t\t\t\t\t\t<a class=\"e-gallery-item elementor-gallery-item elementor-animated-content\" href=\"https:\/\/www.glas-salge.de\/wp-content\/uploads\/2023\/10\/roller-metal-shutters-with-sun-light-outdoor-shot-1.jpg\" data-elementor-open-lightbox=\"yes\" data-elementor-lightbox-slideshow=\"5ab7547\" data-elementor-lightbox-title=\"roller-metal-shutters-with-sun-light-outdoor-shot (1)\" data-e-action-hash=\"#elementor-action%3Aaction%3Dlightbox%26settings%3DeyJpZCI6MzgzMiwidXJsIjoiaHR0cHM6XC9cL3d3dy5nbGFzLXNhbGdlLmRlXC93cC1jb250ZW50XC91cGxvYWRzXC8yMDIzXC8xMFwvcm9sbGVyLW1ldGFsLXNodXR0ZXJzLXdpdGgtc3VuLWxpZ2h0LW91dGRvb3Itc2hvdC0xLmpwZyIsInNsaWRlc2hvdyI6IjVhYjc1NDcifQ%3D%3D\">\n\t\t\t\t\t<div class=\"e-gallery-image elementor-gallery-item__image\" data-thumbnail=\"https:\/\/www.glas-salge.de\/wp-content\/uploads\/2023\/10\/roller-metal-shutters-with-sun-light-outdoor-shot-1.jpg\" data-width=\"1500\" data-height=\"986\" aria-label=\"\" role=\"img\" ><\/div>\n\t\t\t\t\t\t\t\t\t\t\t<div class=\"elementor-gallery-item__overlay\"><\/div>\n\t\t\t\t\t\t\t\t\t\t\t\t\t\t<\/a>\n\t\t\t\t\t\t\t<a class=\"e-gallery-item elementor-gallery-item elementor-animated-content\" href=\"https:\/\/www.glas-salge.de\/wp-content\/uploads\/2023\/10\/man-checking-curtains-use-your-fingers-hold-curtains-window-1.jpg\" data-elementor-open-lightbox=\"yes\" data-elementor-lightbox-slideshow=\"5ab7547\" data-elementor-lightbox-title=\"man-checking-curtains-use-your-fingers-hold-curtains-window (1)\" data-e-action-hash=\"#elementor-action%3Aaction%3Dlightbox%26settings%3DeyJpZCI6MzgzMywidXJsIjoiaHR0cHM6XC9cL3d3dy5nbGFzLXNhbGdlLmRlXC93cC1jb250ZW50XC91cGxvYWRzXC8yMDIzXC8xMFwvbWFuLWNoZWNraW5nLWN1cnRhaW5zLXVzZS15b3VyLWZpbmdlcnMtaG9sZC1jdXJ0YWlucy13aW5kb3ctMS5qcGciLCJzbGlkZXNob3ciOiI1YWI3NTQ3In0%3D\">\n\t\t\t\t\t<div class=\"e-gallery-image elementor-gallery-item__image\" data-thumbnail=\"https:\/\/www.glas-salge.de\/wp-content\/uploads\/2023\/10\/man-checking-curtains-use-your-fingers-hold-curtains-window-1.jpg\" data-width=\"1500\" data-height=\"1000\" aria-label=\"\" role=\"img\" ><\/div>\n\t\t\t\t\t\t\t\t\t\t\t<div class=\"elementor-gallery-item__overlay\"><\/div>\n\t\t\t\t\t\t\t\t\t\t\t\t\t\t<\/a>\n\t\t\t\t\t\t\t<a class=\"e-gallery-item elementor-gallery-item elementor-animated-content\" href=\"https:\/\/www.glas-salge.de\/wp-content\/uploads\/2023\/10\/construction-worker-man-uniform-install-blinds-plastic-white-upvc-window-1.jpg\" data-elementor-open-lightbox=\"yes\" data-elementor-lightbox-slideshow=\"5ab7547\" data-elementor-lightbox-title=\"construction-worker-man-uniform-install-blinds-plastic-white-upvc-window (1)\" data-e-action-hash=\"#elementor-action%3Aaction%3Dlightbox%26settings%3DeyJpZCI6MzgzNCwidXJsIjoiaHR0cHM6XC9cL3d3dy5nbGFzLXNhbGdlLmRlXC93cC1jb250ZW50XC91cGxvYWRzXC8yMDIzXC8xMFwvY29uc3RydWN0aW9uLXdvcmtlci1tYW4tdW5pZm9ybS1pbnN0YWxsLWJsaW5kcy1wbGFzdGljLXdoaXRlLXVwdmMtd2luZG93LTEuanBnIiwic2xpZGVzaG93IjoiNWFiNzU0NyJ9\">\n\t\t\t\t\t<div class=\"e-gallery-image elementor-gallery-item__image\" data-thumbnail=\"https:\/\/www.glas-salge.de\/wp-content\/uploads\/2023\/10\/construction-worker-man-uniform-install-blinds-plastic-white-upvc-window-1.jpg\" data-width=\"1500\" data-height=\"1001\" aria-label=\"\" role=\"img\" ><\/div>\n\t\t\t\t\t\t\t\t\t\t\t<div class=\"elementor-gallery-item__overlay\"><\/div>\n\t\t\t\t\t\t\t\t\t\t\t\t\t\t<\/a>\n\t\t\t\t\t\t\t<a class=\"e-gallery-item elementor-gallery-item elementor-animated-content\" href=\"https:\/\/www.glas-salge.de\/wp-content\/uploads\/2023\/10\/mansard-roof-window-with-shutter-blinds-1.jpg\" data-elementor-open-lightbox=\"yes\" data-elementor-lightbox-slideshow=\"5ab7547\" data-elementor-lightbox-title=\"mansard-roof-window-with-shutter-blinds (1)\" data-e-action-hash=\"#elementor-action%3Aaction%3Dlightbox%26settings%3DeyJpZCI6MzgzNSwidXJsIjoiaHR0cHM6XC9cL3d3dy5nbGFzLXNhbGdlLmRlXC93cC1jb250ZW50XC91cGxvYWRzXC8yMDIzXC8xMFwvbWFuc2FyZC1yb29mLXdpbmRvdy13aXRoLXNodXR0ZXItYmxpbmRzLTEuanBnIiwic2xpZGVzaG93IjoiNWFiNzU0NyJ9\">\n\t\t\t\t\t<div class=\"e-gallery-image elementor-gallery-item__image\" data-thumbnail=\"https:\/\/www.glas-salge.de\/wp-content\/uploads\/2023\/10\/mansard-roof-window-with-shutter-blinds-1.jpg\" data-width=\"1500\" data-height=\"1001\" aria-label=\"\" role=\"img\" ><\/div>\n\t\t\t\t\t\t\t\t\t\t\t<div class=\"elementor-gallery-item__overlay\"><\/div>\n\t\t\t\t\t\t\t\t\t\t\t\t\t\t<\/a>\n\t\t\t\t\t<\/div>\n\t\t\t\t\t<\/div>\n\t\t\t\t\t<\/div>\n\t\t<\/div>\n\t\t\t\t\t<\/div>\n\t\t<\/section>\n\t\t\t\t<section class=\"elementor-section elementor-top-section elementor-element elementor-element-828e57e elementor-section-boxed elementor-section-height-default elementor-section-height-default\" data-id=\"828e57e\" data-element_type=\"section\" data-settings=\"{&quot;background_background&quot;:&quot;classic&quot;,&quot;jet_parallax_layout_list&quot;:[]}\">\n\t\t\t\t\t\t<div class=\"elementor-container elementor-column-gap-default\">\n\t\t\t\t\t<div class=\"elementor-column elementor-col-100 elementor-top-column elementor-element elementor-element-35dc51a\" data-id=\"35dc51a\" data-element_type=\"column\">\n\t\t\t<div class=\"elementor-widget-wrap elementor-element-populated\">\n\t\t\t\t\t\t<section class=\"elementor-section elementor-inner-section elementor-element elementor-element-e85b19e elementor-section-boxed elementor-section-height-default elementor-section-height-default\" data-id=\"e85b19e\" data-element_type=\"section\" data-settings=\"{&quot;jet_parallax_layout_list&quot;:[]}\">\n\t\t\t\t\t\t<div class=\"elementor-container elementor-column-gap-default\">\n\t\t\t\t\t<div class=\"elementor-column elementor-col-100 elementor-inner-column elementor-element elementor-element-37dbbd2\" data-id=\"37dbbd2\" data-element_type=\"column\">\n\t\t\t<div class=\"elementor-widget-wrap elementor-element-populated\">\n\t\t\t\t\t\t<div class=\"elementor-element elementor-element-b81ee4c elementor-widget__width-inherit elementor-widget elementor-widget-heading\" data-id=\"b81ee4c\" data-element_type=\"widget\" data-widget_type=\"heading.default\">\n\t\t\t\t\t<h2 class=\"elementor-heading-title elementor-size-default\">Unser Instagram<\/h2>\t\t\t\t<\/div>\n\t\t\t\t\t<\/div>\n\t\t<\/div>\n\t\t\t\t\t<\/div>\n\t\t<\/section>\n\t\t\t\t<div class=\"elementor-element elementor-element-5ee5580 elementor-widget elementor-widget-shortcode\" data-id=\"5ee5580\" data-element_type=\"widget\" data-widget_type=\"shortcode.default\">\n\t\t\t\t\t\t\t<div class=\"elementor-shortcode\">[instagram-feed feed=2]<\/div>\n\t\t\t\t\t\t<\/div>\n\t\t\t\t\t<\/div>\n\t\t<\/div>\n\t\t\t\t\t<\/div>\n\t\t<\/section>\n\t\t\t\t<\/div>","protected":false},"excerpt":{"rendered":"<p>Home Plissees Erh\u00f6hen sie die Funktionalit\u00e4t ihrer Glasoberfl\u00e4chen mit unseren eleganten und praktischen Plissees. Unsere faltbaren Glasvorh\u00e4nge bieten vielseitige Lichtsteuerung und sorgen f\u00fcr eine angenehme Atmosph\u00e4re in ihren R\u00e4umen. Mit ihrem schlanken und \u00e4sthetischen Design f\u00fcgen sich unsere Plissees harmonisch in jedes Interieur ein und bieten zugleich eine effektive M\u00f6glichkeit, Blendung zu reduzieren und Privatsph\u00e4re [&hellip;]<\/p>","protected":false},"author":2,"featured_media":0,"parent":101,"menu_order":0,"comment_status":"closed","ping_status":"closed","template":"elementor_header_footer","meta":{"footnotes":""},"class_list":["post-1496","page","type-page","status-publish","hentry"],"_links":{"self":[{"href":"https:\/\/www.glas-salge.de\/en\/wp-json\/wp\/v2\/pages\/1496","targetHints":{"allow":["GET"]}}],"collection":[{"href":"https:\/\/www.glas-salge.de\/en\/wp-json\/wp\/v2\/pages"}],"about":[{"href":"https:\/\/www.glas-salge.de\/en\/wp-json\/wp\/v2\/types\/page"}],"author":[{"embeddable":true,"href":"https:\/\/www.glas-salge.de\/en\/wp-json\/wp\/v2\/users\/2"}],"replies":[{"embeddable":true,"href":"https:\/\/www.glas-salge.de\/en\/wp-json\/wp\/v2\/comments?post=1496"}],"version-history":[{"count":59,"href":"https:\/\/www.glas-salge.de\/en\/wp-json\/wp\/v2\/pages\/1496\/revisions"}],"predecessor-version":[{"id":5066,"href":"https:\/\/www.glas-salge.de\/en\/wp-json\/wp\/v2\/pages\/1496\/revisions\/5066"}],"up":[{"embeddable":true,"href":"https:\/\/www.glas-salge.de\/en\/wp-json\/wp\/v2\/pages\/101"}],"wp:attachment":[{"href":"https:\/\/www.glas-salge.de\/en\/wp-json\/wp\/v2\/media?parent=1496"}],"curies":[{"name":"wp","href":"https:\/\/api.w.org\/{rel}","templated":true}]}}