{"id":1493,"date":"2023-07-10T07:33:20","date_gmt":"2023-07-10T07:33:20","guid":{"rendered":"https:\/\/www.glas-salge.de\/?page_id=1493"},"modified":"2025-04-10T15:20:36","modified_gmt":"2025-04-10T13:20:36","slug":"begehbares-glas","status":"publish","type":"page","link":"https:\/\/www.glas-salge.de\/en\/interior\/begehbares-glas\/","title":{"rendered":"Begehbares Glas"},"content":{"rendered":"<div data-elementor-type=\"wp-page\" data-elementor-id=\"1493\" class=\"elementor elementor-1493\" data-elementor-post-type=\"page\">\n\t\t\t\t\t\t<section class=\"elementor-section elementor-top-section elementor-element elementor-element-5e79cc4 elementor-section-content-middle elementor-section-boxed elementor-section-height-default elementor-section-height-default\" data-id=\"5e79cc4\" data-element_type=\"section\" data-settings=\"{&quot;background_background&quot;:&quot;classic&quot;,&quot;jet_parallax_layout_list&quot;:[]}\">\n\t\t\t\t\t\t\t<div class=\"elementor-background-overlay\"><\/div>\n\t\t\t\t\t\t\t<div class=\"elementor-container elementor-column-gap-default\">\n\t\t\t\t\t<div class=\"elementor-column elementor-col-50 elementor-top-column elementor-element elementor-element-0fdf5f7\" data-id=\"0fdf5f7\" data-element_type=\"column\">\n\t\t\t<div class=\"elementor-widget-wrap elementor-element-populated\">\n\t\t\t\t\t\t\t<\/div>\n\t\t<\/div>\n\t\t\t\t<div class=\"elementor-column elementor-col-50 elementor-top-column elementor-element elementor-element-db99ad1\" data-id=\"db99ad1\" data-element_type=\"column\">\n\t\t\t<div class=\"elementor-widget-wrap elementor-element-populated\">\n\t\t\t\t\t\t<div class=\"elementor-element elementor-element-433bd0e elementor-icon-list--layout-inline elementor-widget__width-auto elementor-list-item-link-full_width elementor-widget elementor-widget-icon-list\" data-id=\"433bd0e\" data-element_type=\"widget\" data-widget_type=\"icon-list.default\">\n\t\t\t\t\t\t\t<ul class=\"elementor-icon-list-items elementor-inline-items\">\n\t\t\t\t\t\t\t<li class=\"elementor-icon-list-item elementor-inline-item\">\n\t\t\t\t\t\t\t\t\t\t\t<a href=\"https:\/\/www.glas-salge.de\/en\">\n\n\t\t\t\t\t\t\t\t\t\t\t<span class=\"elementor-icon-list-text\">Home <\/span>\n\t\t\t\t\t\t\t\t\t\t\t<\/a>\n\t\t\t\t\t\t\t\t\t<\/li>\n\t\t\t\t\t\t\t\t<li class=\"elementor-icon-list-item elementor-inline-item\">\n\t\t\t\t\t\t\t\t\t\t<span class=\"elementor-icon-list-text\"><\/span>\n\t\t\t\t\t\t\t\t\t<\/li>\n\t\t\t\t\t\t<\/ul>\n\t\t\t\t\t\t<\/div>\n\t\t\t\t\t<\/div>\n\t\t<\/div>\n\t\t\t\t\t<\/div>\n\t\t<\/section>\n\t\t\t\t<section class=\"elementor-section elementor-top-section elementor-element elementor-element-1ec83df1 elementor-section-content-middle elementor-reverse-mobile elementor-reverse-tablet elementor-section-boxed elementor-section-height-default elementor-section-height-default\" data-id=\"1ec83df1\" data-element_type=\"section\" data-settings=\"{&quot;background_background&quot;:&quot;classic&quot;,&quot;jet_parallax_layout_list&quot;:[]}\">\n\t\t\t\t\t\t<div class=\"elementor-container elementor-column-gap-default\">\n\t\t\t\t\t<div class=\"elementor-column elementor-col-50 elementor-top-column elementor-element elementor-element-55e5527d\" data-id=\"55e5527d\" data-element_type=\"column\">\n\t\t\t<div class=\"elementor-widget-wrap elementor-element-populated\">\n\t\t\t\t\t\t<div class=\"elementor-element elementor-element-328b7499 elementor-widget-tablet__width-auto elementor-widget elementor-widget-image\" data-id=\"328b7499\" data-element_type=\"widget\" data-widget_type=\"image.default\">\n\t\t\t\t\t\t\t\t\t\t\t\t\t\t\t<img fetchpriority=\"high\" decoding=\"async\" width=\"1024\" height=\"768\" src=\"https:\/\/www.glas-salge.de\/wp-content\/uploads\/2023\/09\/Werbebild_BADER_Begehbar1-1024x76_Auf-KLICK.jpg\" class=\"attachment-full size-full wp-image-2990\" alt=\"\" srcset=\"https:\/\/www.glas-salge.de\/wp-content\/uploads\/2023\/09\/Werbebild_BADER_Begehbar1-1024x76_Auf-KLICK.jpg 1024w, https:\/\/www.glas-salge.de\/wp-content\/uploads\/2023\/09\/Werbebild_BADER_Begehbar1-1024x76_Auf-KLICK-300x225.jpg 300w, https:\/\/www.glas-salge.de\/wp-content\/uploads\/2023\/09\/Werbebild_BADER_Begehbar1-1024x76_Auf-KLICK-768x576.jpg 768w\" sizes=\"(max-width: 1024px) 100vw, 1024px\" \/>\t\t\t\t\t\t\t\t\t\t\t\t\t\t\t<\/div>\n\t\t\t\t\t<\/div>\n\t\t<\/div>\n\t\t\t\t<div class=\"elementor-column elementor-col-50 elementor-top-column elementor-element elementor-element-687d4e66\" data-id=\"687d4e66\" data-element_type=\"column\">\n\t\t\t<div class=\"elementor-widget-wrap elementor-element-populated\">\n\t\t\t\t\t\t<div class=\"elementor-element elementor-element-45373558 elementor-widget elementor-widget-heading\" data-id=\"45373558\" data-element_type=\"widget\" data-widget_type=\"heading.default\">\n\t\t\t\t\t<h2 class=\"elementor-heading-title elementor-size-default\">Begehbares Glas<\/h2>\t\t\t\t<\/div>\n\t\t\t\t<div class=\"elementor-element elementor-element-57c6a1dd elementor-widget elementor-widget-text-editor\" data-id=\"57c6a1dd\" data-element_type=\"widget\" data-widget_type=\"text-editor.default\">\n\t\t\t\t\t\t\t\t\t<p>Erleben sie die Faszination von begehbarem Glas und bringen sie mehr Transparenz und Helligkeit in ihre R\u00e4ume. Unsere ma\u00dfgefertigten begehbaren Glasb\u00f6den und Gehwege bieten ein au\u00dfergew\u00f6hnliches und modernes Design, das das Ambiente ihres Wohn- oder Gesch\u00e4ftsbereichs auf besondere Weise betont.<\/p>\n<p>Mit ihrer robusten Struktur und hohen Tragf\u00e4higkeit erm\u00f6glichen sie einen atemberaubenden Blick auf darunterliegende Etagen oder Bereiche. Ob in Wohnr\u00e4umen, Badezimmern oder gewerblichen Geb\u00e4uden &#8211; begehbares Glas schafft ein einzigartiges Raumgef\u00fchl und verleiht ihrem Interieur eine unverwechselbare Note.<\/p>\t\t\t\t\t\t\t\t<\/div>\n\t\t\t\t<section class=\"elementor-section elementor-inner-section elementor-element elementor-element-ada9eb7 elementor-section-boxed elementor-section-height-default elementor-section-height-default\" data-id=\"ada9eb7\" data-element_type=\"section\" data-settings=\"{&quot;background_background&quot;:&quot;classic&quot;,&quot;jet_parallax_layout_list&quot;:[]}\">\n\t\t\t\t\t\t<div class=\"elementor-container elementor-column-gap-default\">\n\t\t\t\t\t<div class=\"elementor-column elementor-col-100 elementor-inner-column elementor-element elementor-element-addbaa9\" data-id=\"addbaa9\" data-element_type=\"column\">\n\t\t\t<div class=\"elementor-widget-wrap elementor-element-populated\">\n\t\t\t\t\t\t<div class=\"elementor-element elementor-element-aee99c2 elementor-widget__width-auto elementor-widget elementor-widget-heading\" data-id=\"aee99c2\" data-element_type=\"widget\" data-widget_type=\"heading.default\">\n\t\t\t\t\t<h2 class=\"elementor-heading-title elementor-size-default\">Trend:<\/h2>\t\t\t\t<\/div>\n\t\t\t\t<div class=\"elementor-element elementor-element-64d1af9 elementor-widget__width-auto elementor-widget elementor-widget-text-editor\" data-id=\"64d1af9\" data-element_type=\"widget\" data-widget_type=\"text-editor.default\">\n\t\t\t\t\t\t\t\t\t<p>#Sicherheitsglas\u00a0 #Architektonische Akzente<\/p>\t\t\t\t\t\t\t\t<\/div>\n\t\t\t\t\t<\/div>\n\t\t<\/div>\n\t\t\t\t\t<\/div>\n\t\t<\/section>\n\t\t\t\t\t<\/div>\n\t\t<\/div>\n\t\t\t\t\t<\/div>\n\t\t<\/section>\n\t\t\t\t<section class=\"elementor-section elementor-top-section elementor-element elementor-element-a6c6459 elementor-hidden-desktop elementor-hidden-tablet elementor-hidden-mobile elementor-section-boxed elementor-section-height-default elementor-section-height-default\" data-id=\"a6c6459\" data-element_type=\"section\" data-settings=\"{&quot;background_background&quot;:&quot;classic&quot;,&quot;jet_parallax_layout_list&quot;:[]}\">\n\t\t\t\t\t\t<div class=\"elementor-container elementor-column-gap-default\">\n\t\t\t\t\t<div class=\"elementor-column elementor-col-100 elementor-top-column elementor-element elementor-element-3ec6f07\" data-id=\"3ec6f07\" data-element_type=\"column\">\n\t\t\t<div class=\"elementor-widget-wrap elementor-element-populated\">\n\t\t\t\t\t\t<div class=\"elementor-element elementor-element-219ba32 elementor-widget elementor-widget-gallery\" data-id=\"219ba32\" data-element_type=\"widget\" data-settings=\"{&quot;image_hover_animation&quot;:&quot;grow&quot;,&quot;columns_tablet&quot;:4,&quot;columns_mobile&quot;:2,&quot;lazyload&quot;:&quot;yes&quot;,&quot;gallery_layout&quot;:&quot;grid&quot;,&quot;columns&quot;:4,&quot;gap&quot;:{&quot;unit&quot;:&quot;px&quot;,&quot;size&quot;:10,&quot;sizes&quot;:[]},&quot;gap_tablet&quot;:{&quot;unit&quot;:&quot;px&quot;,&quot;size&quot;:10,&quot;sizes&quot;:[]},&quot;gap_mobile&quot;:{&quot;unit&quot;:&quot;px&quot;,&quot;size&quot;:10,&quot;sizes&quot;:[]},&quot;link_to&quot;:&quot;file&quot;,&quot;aspect_ratio&quot;:&quot;3:2&quot;,&quot;overlay_background&quot;:&quot;yes&quot;,&quot;content_hover_animation&quot;:&quot;fade-in&quot;}\" data-widget_type=\"gallery.default\">\n\t\t\t\t\t\t\t<div class=\"elementor-gallery__container\">\n\t\t\t\t\t\t\t<a class=\"e-gallery-item elementor-gallery-item elementor-animated-content\" href=\"https:\/\/www.glas-salge.de\/wp-content\/uploads\/2023\/07\/3d-rendering-mock-up-wood-decor-living-room-with-sofa-classic-style-1.jpg\" data-elementor-open-lightbox=\"yes\" data-elementor-lightbox-slideshow=\"219ba32\" data-elementor-lightbox-title=\"3d-rendering-mock-up-wood-decor-living-room-with-sofa-classic-style (1)\" data-e-action-hash=\"#elementor-action%3Aaction%3Dlightbox%26settings%3DeyJpZCI6NzksInVybCI6Imh0dHBzOlwvXC93d3cuZ2xhcy1zYWxnZS5kZVwvd3AtY29udGVudFwvdXBsb2Fkc1wvMjAyM1wvMDdcLzNkLXJlbmRlcmluZy1tb2NrLXVwLXdvb2QtZGVjb3ItbGl2aW5nLXJvb20td2l0aC1zb2ZhLWNsYXNzaWMtc3R5bGUtMS5qcGciLCJzbGlkZXNob3ciOiIyMTliYTMyIn0%3D\">\n\t\t\t\t\t<div class=\"e-gallery-image elementor-gallery-item__image\" data-thumbnail=\"https:\/\/www.glas-salge.de\/wp-content\/uploads\/2023\/07\/3d-rendering-mock-up-wood-decor-living-room-with-sofa-classic-style-1.jpg\" data-width=\"1500\" data-height=\"1000\" aria-label=\"\" role=\"img\" ><\/div>\n\t\t\t\t\t\t\t\t\t\t\t<div class=\"elementor-gallery-item__overlay\"><\/div>\n\t\t\t\t\t\t\t\t\t\t\t\t\t\t<\/a>\n\t\t\t\t\t\t\t<a class=\"e-gallery-item elementor-gallery-item elementor-animated-content\" href=\"https:\/\/www.glas-salge.de\/wp-content\/uploads\/2023\/07\/gray-sofa-white-living-room-interior-with-copy-space-3d-rendering-1.jpg\" data-elementor-open-lightbox=\"yes\" data-elementor-lightbox-slideshow=\"219ba32\" data-elementor-lightbox-title=\"gray-sofa-white-living-room-interior-with-copy-space-3d-rendering (1)\" data-e-action-hash=\"#elementor-action%3Aaction%3Dlightbox%26settings%3DeyJpZCI6ODEsInVybCI6Imh0dHBzOlwvXC93d3cuZ2xhcy1zYWxnZS5kZVwvd3AtY29udGVudFwvdXBsb2Fkc1wvMjAyM1wvMDdcL2dyYXktc29mYS13aGl0ZS1saXZpbmctcm9vbS1pbnRlcmlvci13aXRoLWNvcHktc3BhY2UtM2QtcmVuZGVyaW5nLTEuanBnIiwic2xpZGVzaG93IjoiMjE5YmEzMiJ9\">\n\t\t\t\t\t<div class=\"e-gallery-image elementor-gallery-item__image\" data-thumbnail=\"https:\/\/www.glas-salge.de\/wp-content\/uploads\/2023\/07\/gray-sofa-white-living-room-interior-with-copy-space-3d-rendering-1.jpg\" data-width=\"1500\" data-height=\"900\" aria-label=\"\" role=\"img\" ><\/div>\n\t\t\t\t\t\t\t\t\t\t\t<div class=\"elementor-gallery-item__overlay\"><\/div>\n\t\t\t\t\t\t\t\t\t\t\t\t\t\t<\/a>\n\t\t\t\t\t\t\t<a class=\"e-gallery-item elementor-gallery-item elementor-animated-content\" href=\"https:\/\/www.glas-salge.de\/wp-content\/uploads\/2023\/07\/3d-rendering-modern-dining-room-living-room-with-luxury-decor-1.jpg\" data-elementor-open-lightbox=\"yes\" data-elementor-lightbox-slideshow=\"219ba32\" data-elementor-lightbox-title=\"3d-rendering-modern-dining-room-living-room-with-luxury-decor (1)\" data-e-action-hash=\"#elementor-action%3Aaction%3Dlightbox%26settings%3DeyJpZCI6ODIsInVybCI6Imh0dHBzOlwvXC93d3cuZ2xhcy1zYWxnZS5kZVwvd3AtY29udGVudFwvdXBsb2Fkc1wvMjAyM1wvMDdcLzNkLXJlbmRlcmluZy1tb2Rlcm4tZGluaW5nLXJvb20tbGl2aW5nLXJvb20td2l0aC1sdXh1cnktZGVjb3ItMS5qcGciLCJzbGlkZXNob3ciOiIyMTliYTMyIn0%3D\">\n\t\t\t\t\t<div class=\"e-gallery-image elementor-gallery-item__image\" data-thumbnail=\"https:\/\/www.glas-salge.de\/wp-content\/uploads\/2023\/07\/3d-rendering-modern-dining-room-living-room-with-luxury-decor-1.jpg\" data-width=\"1500\" data-height=\"1000\" aria-label=\"\" role=\"img\" ><\/div>\n\t\t\t\t\t\t\t\t\t\t\t<div class=\"elementor-gallery-item__overlay\"><\/div>\n\t\t\t\t\t\t\t\t\t\t\t\t\t\t<\/a>\n\t\t\t\t\t\t\t<a class=\"e-gallery-item elementor-gallery-item elementor-animated-content\" href=\"https:\/\/www.glas-salge.de\/wp-content\/uploads\/2023\/07\/armchair-green-living-room-with-copy-space-1.jpg\" data-elementor-open-lightbox=\"yes\" data-elementor-lightbox-slideshow=\"219ba32\" data-elementor-lightbox-title=\"armchair-green-living-room-with-copy-space (1)\" data-e-action-hash=\"#elementor-action%3Aaction%3Dlightbox%26settings%3DeyJpZCI6ODMsInVybCI6Imh0dHBzOlwvXC93d3cuZ2xhcy1zYWxnZS5kZVwvd3AtY29udGVudFwvdXBsb2Fkc1wvMjAyM1wvMDdcL2FybWNoYWlyLWdyZWVuLWxpdmluZy1yb29tLXdpdGgtY29weS1zcGFjZS0xLmpwZyIsInNsaWRlc2hvdyI6IjIxOWJhMzIifQ%3D%3D\">\n\t\t\t\t\t<div class=\"e-gallery-image elementor-gallery-item__image\" data-thumbnail=\"https:\/\/www.glas-salge.de\/wp-content\/uploads\/2023\/07\/armchair-green-living-room-with-copy-space-1.jpg\" data-width=\"1500\" data-height=\"1050\" aria-label=\"\" role=\"img\" ><\/div>\n\t\t\t\t\t\t\t\t\t\t\t<div class=\"elementor-gallery-item__overlay\"><\/div>\n\t\t\t\t\t\t\t\t\t\t\t\t\t\t<\/a>\n\t\t\t\t\t\t\t<a class=\"e-gallery-item elementor-gallery-item elementor-animated-content\" href=\"https:\/\/www.glas-salge.de\/wp-content\/uploads\/2023\/07\/3d-rendering-loft-luxury-living-room-with-shelf-near-dining-table-1.jpg\" data-elementor-open-lightbox=\"yes\" data-elementor-lightbox-slideshow=\"219ba32\" data-elementor-lightbox-title=\"3d-rendering-loft-luxury-living-room-with-shelf-near-dining-table (1)\" data-e-action-hash=\"#elementor-action%3Aaction%3Dlightbox%26settings%3DeyJpZCI6ODQsInVybCI6Imh0dHBzOlwvXC93d3cuZ2xhcy1zYWxnZS5kZVwvd3AtY29udGVudFwvdXBsb2Fkc1wvMjAyM1wvMDdcLzNkLXJlbmRlcmluZy1sb2Z0LWx1eHVyeS1saXZpbmctcm9vbS13aXRoLXNoZWxmLW5lYXItZGluaW5nLXRhYmxlLTEuanBnIiwic2xpZGVzaG93IjoiMjE5YmEzMiJ9\">\n\t\t\t\t\t<div class=\"e-gallery-image elementor-gallery-item__image\" data-thumbnail=\"https:\/\/www.glas-salge.de\/wp-content\/uploads\/2023\/07\/3d-rendering-loft-luxury-living-room-with-shelf-near-dining-table-1.jpg\" data-width=\"1500\" data-height=\"1000\" aria-label=\"\" role=\"img\" ><\/div>\n\t\t\t\t\t\t\t\t\t\t\t<div class=\"elementor-gallery-item__overlay\"><\/div>\n\t\t\t\t\t\t\t\t\t\t\t\t\t\t<\/a>\n\t\t\t\t\t\t\t<a class=\"e-gallery-item elementor-gallery-item elementor-animated-content\" href=\"https:\/\/www.glas-salge.de\/wp-content\/uploads\/2023\/07\/sofa-green-living-room-with-copy-space-1.jpg\" data-elementor-open-lightbox=\"yes\" data-elementor-lightbox-slideshow=\"219ba32\" data-elementor-lightbox-title=\"sofa-green-living-room-with-copy-space (1)\" data-e-action-hash=\"#elementor-action%3Aaction%3Dlightbox%26settings%3DeyJpZCI6ODUsInVybCI6Imh0dHBzOlwvXC93d3cuZ2xhcy1zYWxnZS5kZVwvd3AtY29udGVudFwvdXBsb2Fkc1wvMjAyM1wvMDdcL3NvZmEtZ3JlZW4tbGl2aW5nLXJvb20td2l0aC1jb3B5LXNwYWNlLTEuanBnIiwic2xpZGVzaG93IjoiMjE5YmEzMiJ9\">\n\t\t\t\t\t<div class=\"e-gallery-image elementor-gallery-item__image\" data-thumbnail=\"https:\/\/www.glas-salge.de\/wp-content\/uploads\/2023\/07\/sofa-green-living-room-with-copy-space-1.jpg\" data-width=\"1500\" data-height=\"1050\" aria-label=\"\" role=\"img\" ><\/div>\n\t\t\t\t\t\t\t\t\t\t\t<div class=\"elementor-gallery-item__overlay\"><\/div>\n\t\t\t\t\t\t\t\t\t\t\t\t\t\t<\/a>\n\t\t\t\t\t\t\t<a class=\"e-gallery-item elementor-gallery-item elementor-animated-content\" href=\"https:\/\/www.glas-salge.de\/wp-content\/uploads\/2023\/07\/bangkok-thailand-august-12-2016-beautiful-luxury-living-room.jpg\" data-elementor-open-lightbox=\"yes\" data-elementor-lightbox-slideshow=\"219ba32\" data-elementor-lightbox-title=\"bangkok-thailand-august-12-2016-beautiful-luxury-living-room\" data-e-action-hash=\"#elementor-action%3Aaction%3Dlightbox%26settings%3DeyJpZCI6ODYsInVybCI6Imh0dHBzOlwvXC93d3cuZ2xhcy1zYWxnZS5kZVwvd3AtY29udGVudFwvdXBsb2Fkc1wvMjAyM1wvMDdcL2Jhbmdrb2stdGhhaWxhbmQtYXVndXN0LTEyLTIwMTYtYmVhdXRpZnVsLWx1eHVyeS1saXZpbmctcm9vbS5qcGciLCJzbGlkZXNob3ciOiIyMTliYTMyIn0%3D\">\n\t\t\t\t\t<div class=\"e-gallery-image elementor-gallery-item__image\" data-thumbnail=\"https:\/\/www.glas-salge.de\/wp-content\/uploads\/2023\/07\/bangkok-thailand-august-12-2016-beautiful-luxury-living-room.jpg\" data-width=\"1500\" data-height=\"1000\" aria-label=\"\" role=\"img\" ><\/div>\n\t\t\t\t\t\t\t\t\t\t\t<div class=\"elementor-gallery-item__overlay\"><\/div>\n\t\t\t\t\t\t\t\t\t\t\t\t\t\t<\/a>\n\t\t\t\t\t\t\t<a class=\"e-gallery-item elementor-gallery-item elementor-animated-content\" href=\"https:\/\/www.glas-salge.de\/wp-content\/uploads\/2023\/07\/white-sideboard-living-room-interior-with-copy-space-1-e1690480262673.jpg\" data-elementor-open-lightbox=\"yes\" data-elementor-lightbox-slideshow=\"219ba32\" data-elementor-lightbox-title=\"white-sideboard-living-room-interior-with-copy-space (1)\" data-e-action-hash=\"#elementor-action%3Aaction%3Dlightbox%26settings%3DeyJpZCI6NjIsInVybCI6Imh0dHBzOlwvXC93d3cuZ2xhcy1zYWxnZS5kZVwvd3AtY29udGVudFwvdXBsb2Fkc1wvMjAyM1wvMDdcL3doaXRlLXNpZGVib2FyZC1saXZpbmctcm9vbS1pbnRlcmlvci13aXRoLWNvcHktc3BhY2UtMS1lMTY5MDQ4MDI2MjY3My5qcGciLCJzbGlkZXNob3ciOiIyMTliYTMyIn0%3D\">\n\t\t\t\t\t<div class=\"e-gallery-image elementor-gallery-item__image\" data-thumbnail=\"https:\/\/www.glas-salge.de\/wp-content\/uploads\/2023\/07\/white-sideboard-living-room-interior-with-copy-space-1-e1690480262673.jpg\" data-width=\"1500\" data-height=\"900\" aria-label=\"\" role=\"img\" ><\/div>\n\t\t\t\t\t\t\t\t\t\t\t<div class=\"elementor-gallery-item__overlay\"><\/div>\n\t\t\t\t\t\t\t\t\t\t\t\t\t\t<\/a>\n\t\t\t\t\t<\/div>\n\t\t\t\t\t<\/div>\n\t\t\t\t\t<\/div>\n\t\t<\/div>\n\t\t\t\t\t<\/div>\n\t\t<\/section>\n\t\t\t\t<section class=\"elementor-section elementor-top-section elementor-element elementor-element-828e57e elementor-section-boxed elementor-section-height-default elementor-section-height-default\" data-id=\"828e57e\" data-element_type=\"section\" data-settings=\"{&quot;background_background&quot;:&quot;classic&quot;,&quot;jet_parallax_layout_list&quot;:[]}\">\n\t\t\t\t\t\t<div class=\"elementor-container elementor-column-gap-default\">\n\t\t\t\t\t<div class=\"elementor-column elementor-col-100 elementor-top-column elementor-element elementor-element-35dc51a\" data-id=\"35dc51a\" data-element_type=\"column\">\n\t\t\t<div class=\"elementor-widget-wrap elementor-element-populated\">\n\t\t\t\t\t\t<section class=\"elementor-section elementor-inner-section elementor-element elementor-element-e85b19e elementor-section-boxed elementor-section-height-default elementor-section-height-default\" data-id=\"e85b19e\" data-element_type=\"section\" data-settings=\"{&quot;jet_parallax_layout_list&quot;:[]}\">\n\t\t\t\t\t\t<div class=\"elementor-container elementor-column-gap-default\">\n\t\t\t\t\t<div class=\"elementor-column elementor-col-100 elementor-inner-column elementor-element elementor-element-37dbbd2\" data-id=\"37dbbd2\" data-element_type=\"column\">\n\t\t\t<div class=\"elementor-widget-wrap elementor-element-populated\">\n\t\t\t\t\t\t<div class=\"elementor-element elementor-element-b81ee4c elementor-widget__width-inherit elementor-widget elementor-widget-heading\" data-id=\"b81ee4c\" data-element_type=\"widget\" data-widget_type=\"heading.default\">\n\t\t\t\t\t<h2 class=\"elementor-heading-title elementor-size-default\">Unser Instagram<\/h2>\t\t\t\t<\/div>\n\t\t\t\t\t<\/div>\n\t\t<\/div>\n\t\t\t\t\t<\/div>\n\t\t<\/section>\n\t\t\t\t<div class=\"elementor-element elementor-element-9777145 elementor-widget elementor-widget-shortcode\" data-id=\"9777145\" data-element_type=\"widget\" data-widget_type=\"shortcode.default\">\n\t\t\t\t\t\t\t<div class=\"elementor-shortcode\">[instagram-feed feed=2]<\/div>\n\t\t\t\t\t\t<\/div>\n\t\t\t\t\t<\/div>\n\t\t<\/div>\n\t\t\t\t\t<\/div>\n\t\t<\/section>\n\t\t\t\t<\/div>","protected":false},"excerpt":{"rendered":"<p>Home Begehbares Glas Erleben sie die Faszination von begehbarem Glas und bringen sie mehr Transparenz und Helligkeit in ihre R\u00e4ume. Unsere ma\u00dfgefertigten begehbaren Glasb\u00f6den und Gehwege bieten ein au\u00dfergew\u00f6hnliches und modernes Design, das das Ambiente ihres Wohn- oder Gesch\u00e4ftsbereichs auf besondere Weise betont. Mit ihrer robusten Struktur und hohen Tragf\u00e4higkeit erm\u00f6glichen sie einen atemberaubenden Blick [&hellip;]<\/p>","protected":false},"author":2,"featured_media":0,"parent":101,"menu_order":0,"comment_status":"closed","ping_status":"closed","template":"elementor_header_footer","meta":{"footnotes":""},"class_list":["post-1493","page","type-page","status-publish","hentry"],"_links":{"self":[{"href":"https:\/\/www.glas-salge.de\/en\/wp-json\/wp\/v2\/pages\/1493","targetHints":{"allow":["GET"]}}],"collection":[{"href":"https:\/\/www.glas-salge.de\/en\/wp-json\/wp\/v2\/pages"}],"about":[{"href":"https:\/\/www.glas-salge.de\/en\/wp-json\/wp\/v2\/types\/page"}],"author":[{"embeddable":true,"href":"https:\/\/www.glas-salge.de\/en\/wp-json\/wp\/v2\/users\/2"}],"replies":[{"embeddable":true,"href":"https:\/\/www.glas-salge.de\/en\/wp-json\/wp\/v2\/comments?post=1493"}],"version-history":[{"count":61,"href":"https:\/\/www.glas-salge.de\/en\/wp-json\/wp\/v2\/pages\/1493\/revisions"}],"predecessor-version":[{"id":5058,"href":"https:\/\/www.glas-salge.de\/en\/wp-json\/wp\/v2\/pages\/1493\/revisions\/5058"}],"up":[{"embeddable":true,"href":"https:\/\/www.glas-salge.de\/en\/wp-json\/wp\/v2\/pages\/101"}],"wp:attachment":[{"href":"https:\/\/www.glas-salge.de\/en\/wp-json\/wp\/v2\/media?parent=1493"}],"curies":[{"name":"wp","href":"https:\/\/api.w.org\/{rel}","templated":true}]}}